{"id":4608,"date":"2024-02-09T14:15:12","date_gmt":"2024-02-09T13:15:12","guid":{"rendered":"https:\/\/barriosanmartin.com\/politica-de-privacidad\/"},"modified":"2024-02-09T14:15:12","modified_gmt":"2024-02-09T13:15:12","slug":"politica-de-privacidad","status":"publish","type":"page","link":"https:\/\/barriosanmartin.com\/eu\/politica-de-privacidad\/","title":{"rendered":"Pol\u00edtica de privacidad"},"content":{"rendered":"\n<p class=\"has-ast-global-color-7-color has-text-color\" style=\"text-transform:uppercase\"><strong>Datos del propietario de la web:<\/strong><\/p>\n\n\n\n<figure class=\"wp-block-table\"><table class=\"has-ast-global-color-7-color has-text-color\"><tbody><tr><td>RAZ\u00d3N SOCIAL<\/td><td>Asociaci\u00f3n para la Promoci\u00f3n del Comercio y dem\u00e1s Actividades Econ\u00f3micas de Barrio San Mart\u00edn<\/td><\/tr><tr><td>NOMBRE COMERCIAL<\/td><td>Asociaci\u00f3n Barrio San Mart\u00edn<\/td><\/tr><tr><td>NIF<\/td><td>G67923797<\/td><\/tr><tr><td>DIRECCI\u00d3N POSTAL<\/td><td>C\/. San Marcial, 2 bajo\u00a0\u00a0 20005 Donostia \/ San Sebasti\u00e1n<\/td><\/tr><tr><td>DIRECCI\u00d3N ELECTR\u00d3NICA<\/td><td>contacto@barriosanmartin.com<\/td><\/tr><tr><td>TEL\u00c9FONO<\/td><td>\u00a0+34 617 354 895<\/td><\/tr><tr><td>REGISTRO ASOCIACIONES<\/td><td>\u00a0Registro de Asociaci\u00f3n del Pa\u00eds Vasco con n\u00ba AS\/G\/23911\/2021<br>Registro de Entidades del Ayuntamiento de Donostia \/ San Sebasti\u00e1n n.\u00ba 24\/1606<\/td><\/tr><tr><td>OBJETO PRINCIPAL<\/td><td>Informativo<\/td><\/tr><\/tbody><\/table><\/figure>\n\n\n\n<p class=\"has-ast-global-color-7-color has-text-color\" style=\"text-transform:uppercase\"><strong>Protecci\u00f3n de datos<\/strong><\/p>\n\n\n\n<p>De conformidad con la normativa vigente y aplicable en protecci\u00f3n de datos de car\u00e1cter personal, le informamos que sus datos ser\u00e1n incorporados al sistema de tratamiento titularidad de <strong>Asociaci\u00f3n para la Promoci\u00f3n del Comercio y dem\u00e1s Actividades Econ\u00f3micas de Barrio San Mart\u00edn<\/strong> con NIF <strong>G67923797<\/strong> y domicilio social sito en <strong>Donostia \/ San Sebasti\u00e1n<\/strong>, y que a continuaci\u00f3n se relacionan sus respectivas finalidades, plazos de conservaci\u00f3n y bases legitimadoras. Para aquellos tratamientos que lo requieran, se informa tambi\u00e9n de la posible elaboraci\u00f3n de perfiles y decisiones automatizadas, as\u00ed como las posibles cesiones y las transferencias internacionales que <strong>la Asociaci\u00f3n Barrio San Mart\u00edn<\/strong> tiene previsto realizar:<\/p>\n\n\n\n<p><strong>TRATAMIENTOS REALIZADOS<\/strong>:<\/p>\n\n\n\n<figure class=\"wp-block-table\"><table class=\"has-ast-global-color-7-color has-text-color\"><tbody><tr><td><strong>Gesti\u00f3n de la p\u00e1gina web<\/strong><\/td><td><strong>Finalidad<\/strong>: Tratamiento y gesti\u00f3n de los datos necesarios para la funcionalidad de la p\u00e1gina web <strong>Plazo de conservaci\u00f3n<\/strong>: mientras perdure el consentimiento prestado <strong>Base leg\u00edtima<\/strong>: El consentimiento del interesado <strong>Tipolog\u00eda de Datos:<\/strong> Datos meramente identificativos <strong>Cesiones<\/strong>: No se prev\u00e9n <strong>Transferencias internacionales<\/strong>: No se prev\u00e9n <strong>Elaboraciones de perfiles<\/strong>: No se prev\u00e9n<\/td><\/tr><tr><td><strong>Formulario web<\/strong><\/td><td><strong>Finalidad<\/strong>: Atender sus consultas y\/o solicitudes <strong>Plazo de conservaci\u00f3n<\/strong>: mientras se mantenga el consentimiento prestado.&nbsp; <strong>Base leg\u00edtima<\/strong>: El consentimiento del interesado <strong>Tipolog\u00eda de Datos: <\/strong>Datos meramente identificativos <strong>Cesiones<\/strong>: Ninguna <strong>Transferencias internacionales<\/strong>: No se prev\u00e9n <strong>Elaboraciones de perfiles<\/strong>: No se prev\u00e9n<\/td><\/tr><tr><td><strong>Gesti\u00f3n del cumplimiento normativo<\/strong><\/td><td><strong>Finalidad<\/strong>: Gesti\u00f3n y tramitaci\u00f3n de las obligaciones y deberes que se deriven del cumplimiento de la normativa a la cual est\u00e1 sujeta la entidad <strong>Plazo de conservaci\u00f3n<\/strong>: conservaci\u00f3n de las copias de los documentos hasta que prescriban las acciones para reclamarle una posible responsabilidad <strong>Base leg\u00edtima<\/strong>: El cumplimiento de una ley <strong>Tipolog\u00eda de Datos:<\/strong> Datos meramente identificativos <strong>Cesiones<\/strong>: sus datos ser\u00e1n comunicados en caso de ser necesario a Organismos y\/o administraci\u00f3n p\u00fablica con competencia en la materia con la finalidad de cumplir con las obligaciones establecidas en la normativa aplicable. Adem\u00e1s, se informa que la base legitimadora de la cesi\u00f3n es cumplir con las obligaciones establecidas en la normativa aplicable <strong>Transferencias internacionales<\/strong>: No se prev\u00e9n <strong>Elaboraciones de perfiles<\/strong>: No se prev\u00e9n<\/td><\/tr><tr><td><strong>Newsletter<\/strong><\/td><td><strong>Finalidad<\/strong>: Captaci\u00f3n, registro y tratamiento de datos con finalidades de marketing para realizar el env\u00edo correspondiente a la Newsletter a la cual se ha subscrito <strong>Plazo de conservaci\u00f3n<\/strong>: mientras se mantenga el consentimiento prestado <strong>Base leg\u00edtima<\/strong>: El consentimiento del interesado <strong>Tipolog\u00eda de Datos:<\/strong> Datos meramente identificativos <strong>Cesiones<\/strong>: <strong>Transferencias internacionales<\/strong>: No se prev\u00e9n <strong>Elaboraciones de perfiles<\/strong>: No se prev\u00e9n<\/td><\/tr><tr><td><strong>Formulario web deja un comentario<\/strong><\/td><td><strong>Finalidad<\/strong>: Gestionar y publicar su comentario dirigido a la entidad <strong>Plazo de conservaci\u00f3n<\/strong>: mientras se mantenga el consentimiento prestado. <strong>Base leg\u00edtima<\/strong>: El consentimiento del interesado <strong>Tipolog\u00eda de Datos:<\/strong> Datos meramente identificativos <strong>Cesiones<\/strong>: Ninguna <strong>Transferencias internacionales<\/strong>: No se prev\u00e9n <strong>Elaboraciones de perfiles<\/strong>: No se prev\u00e9n<\/td><\/tr><tr><td><strong>Acciones Comerciales&nbsp;<\/strong><\/td><td><strong>Finalidad<\/strong>: Captaci\u00f3n, registro y tratamiento de datos con finalidades de publicidad y prospecci\u00f3n comercial de nuestros productos y\/o servicios<br><strong>Plazo de conservaci\u00f3n<\/strong>: mientras se mantenga el consentimiento prestado<br><strong>Base leg\u00edtima<\/strong>: El consentimiento del interesado<br><strong>Tipolog\u00eda de Datos:<\/strong> Datos meramente identificativos<br><strong>Cesiones<\/strong>: Ninguna<br><strong>Transferencias internacionales<\/strong>: No se prev\u00e9n<br><strong>Elaboraciones de perfiles<\/strong>: No se prev\u00e9n<\/td><\/tr><\/tbody><\/table><\/figure>\n\n\n\n<p>A su vez, le informamos que puede contactar con el Delegado de Protecci\u00f3n de Datos, dirigi\u00e9ndose por escrito a la direcci\u00f3n de correo <strong>contacto@barriosanmartin.com<\/strong> o al tel\u00e9fono <strong>+34 617 354 895<\/strong>.<\/p>\n\n\n\n<p style=\"font-style:normal;font-weight:700;text-transform:uppercase\">Derechos de los interesados<\/p>\n\n\n\n<p><strong>La Asociaci\u00f3n para la Promoci\u00f3n del Comercio y dem\u00e1s Actividades Econ\u00f3micas de Barrio San Mart\u00edn<\/strong> informa a los Usuarios que, podr\u00e1n ejercer los derechos de acceso, rectificaci\u00f3n, limitaci\u00f3n, supresi\u00f3n, portabilidad y oposici\u00f3n al tratamiento de sus datos de car\u00e1cter personal ante el Responsable del Tratamiento, as\u00ed como a la retirada del consentimiento prestado.<\/p>\n\n\n\n<ul class=\"wp-block-list\">\n<li><strong><u>Derecho de Acceso<\/u><\/strong>: Es el derecho del usuario a obtener informaci\u00f3n sobre sus datos concretos de car\u00e1cter personal y del tratamiento que se haya realizado o realice, as\u00ed como de la informaci\u00f3n disponible sobre el origen de dichos datos y las comunicaciones realizadas o previstas de los mismos.<\/li>\n\n\n\n<li><strong><u>Derecho de Rectificaci\u00f3n<\/u><\/strong>: Es el derecho del afectado a que se modifiquen los datos que resulten ser inexactos o incompletos. S\u00f3lo podr\u00e1 satisfacerse en relaci\u00f3n a aquella informaci\u00f3n que se encuentre bajo el control de <strong>la Asociaci\u00f3n Barrio San Mart\u00edn<\/strong>, por ejemplo, eliminar comentarios publicados en la propia p\u00e1gina, im\u00e1genes o contenidos web donde consten datos de car\u00e1cter personal del usuario.<\/li>\n\n\n\n<li><strong><u>Derecho a la Limitaci\u00f3n de tratamiento<\/u><\/strong>: Es el derecho a que se limiten los fines del tratamiento previstos de forma original por el responsable del tratamiento.<\/li>\n\n\n\n<li><strong><u>Derecho de Supresi\u00f3n<\/u><\/strong>: Es el derecho a suprimir los datos de car\u00e1cter personal del usuario, a excepci\u00f3n de lo previsto en el propio RGPD o en otras normativas aplicables que determinen la obligatoriedad de la conservaci\u00f3n de los mismos, en tiempo y forma.<\/li>\n\n\n\n<li><strong><u>Derecho de portabilidad<\/u><\/strong>: El derecho a recibir los datos personales que el usuario, haya facilitado, en un formato estructurado, de uso com\u00fan y lectura mec\u00e1nica, y a transmitirlos a otro responsable.<\/li>\n\n\n\n<li><strong><u>Derecho de Oposici\u00f3n<\/u><\/strong>: Es el derecho del usuario a que no se lleve a cabo el tratamiento de sus datos de car\u00e1cter personal o se cese el tratamiento de los mismos por parte de <strong>la Asociaci\u00f3n Barrio San Mart\u00edn.<\/strong> Para poder ejercer cualquiera de los derechos descritos anteriormente deber\u00e1 cumplir con los siguientes requisitos:<\/li>\n\n\n\n<li>Presentaci\u00f3n de un escrito a la direcci\u00f3n <strong>c\/. San Marcial, 2 bajo 20005 Donostia \/ San Sebasti\u00e1n<\/strong> o bien a trav\u00e9s del correo electr\u00f3nico <strong>contacto@barriosanmartin.com<\/strong>.\u00a0<\/li>\n\n\n\n<li>El escrito remitido por el titular de los datos que solicite el ejercicio deber\u00e1 de cumplir los siguientes requisitos legales:<ul><li>Nombre, apellidos del interesado y copia del DNI\/NIE o cualquier documento identificativo. En los excepcionales casos en que se admita la representaci\u00f3n, ser\u00e1 tambi\u00e9n necesaria la identificaci\u00f3n por el mismo medio de la persona que le representa, as\u00ed como el documento acreditativo de la representaci\u00f3n. La fotocopia del DNI podr\u00e1 ser sustituida siempre que se acredite la identidad por cualquier otro medio v\u00e1lido en derecho.<\/li><\/ul><ul><li>Petici\u00f3n en que se concreta la solicitud. (Ejercicio en el que se solicita la informaci\u00f3n a la que se quiere acceder). Si no hace referencia a un fichero concreto se le facilitar\u00e1 toda la informaci\u00f3n que se tenga con sus datos de car\u00e1cter personal. Si solicita informaci\u00f3n de un fichero en concreto, s\u00f3lo la informaci\u00f3n de este fichero. Si solicita informaci\u00f3n relativa a un tercero nunca se podr\u00e1 facilitar. Si lo solicita por tel\u00e9fono se le indicar\u00e1 que lo haga por escrito y se le informar\u00e1 de c\u00f3mo lo puede hacer y la direcci\u00f3n a la que tiene que enviarlo. Nunca se le dar\u00e1 informaci\u00f3n por tel\u00e9fono. o Domicilio a efectos de notificaciones. o Fecha y firma del solicitante.<\/li><\/ul><ul><li>Documentos acreditativos de la petici\u00f3n que formula.<\/li><\/ul>\n<ul class=\"wp-block-list\">\n<li>El interesado debe utilizar cualquier medio que permita acreditar el env\u00edo y la recepci\u00f3n de la solicitud.<\/li>\n<\/ul>\n<\/li>\n<\/ul>\n\n\n\n<p>Por \u00faltimo, le informamos que Usted tiene derecho a presentar una reclamaci\u00f3n ante la Agencia Espa\u00f1ola de Protecci\u00f3n de Datos en caso de que tenga conocimiento o considere que un hecho pueda suponer un incumplimiento de la normativa aplicable en materia de protecci\u00f3n de datos.<\/p>\n\n\n\n<p>La<strong> Asociaci\u00f3n para la Promoci\u00f3n del Comercio y dem\u00e1s Actividades Econ\u00f3micas de Barrio San Mart\u00edn<\/strong> se compromete a adoptar las medidas t\u00e9cnicas y organizativas necesarias, acorde al nivel de riesgos que acompa\u00f1an los tratamientos realizados por \u00e9stas e indicados en el apartado de los t\u00e9rminos y condiciones de uso, de forma que garanticen su integridad, confidencialidad y disponibilidad.<\/p>\n","protected":false},"excerpt":{"rendered":"<p>Datos del propietario de la web: RAZ\u00d3N SOCIAL Asociaci\u00f3n para la Promoci\u00f3n del Comercio y dem\u00e1s Actividades Econ\u00f3micas de Barrio [&hellip;]<\/p>\n","protected":false},"author":1,"featured_media":0,"parent":0,"menu_order":0,"comment_status":"closed","ping_status":"closed","template":"","meta":{"_uag_custom_page_level_css":"","site-sidebar-layout":"default","site-content-layout":"","ast-site-content-layout":"default","site-content-style":"default","site-sidebar-style":"default","ast-global-header-display":"","ast-banner-title-visibility":"","ast-main-header-display":"","ast-hfb-above-header-display":"","ast-hfb-below-header-display":"","ast-hfb-mobile-header-display":"","site-post-title":"","ast-breadcrumbs-content":"","ast-featured-img":"","footer-sml-layout":"","ast-disable-related-posts":"","theme-transparent-header-meta":"","adv-header-id-meta":"","stick-header-meta":"","header-above-stick-meta":"","header-main-stick-meta":"","header-below-stick-meta":"","astra-migrate-meta-layouts":"default","ast-page-background-enabled":"default","ast-page-background-meta":{"desktop":{"background-color":"var(--ast-global-color-4)","background-image":"","background-repeat":"repeat","background-position":"center center","background-size":"auto","background-attachment":"scroll","background-type":"","background-media":"","overlay-type":"","overlay-color":"","overlay-opacity":"","overlay-gradient":""},"tablet":{"background-color":"","background-image":"","background-repeat":"repeat","background-position":"center center","background-size":"auto","background-attachment":"scroll","background-type":"","background-media":"","overlay-type":"","overlay-color":"","overlay-opacity":"","overlay-gradient":""},"mobile":{"background-color":"","background-image":"","background-repeat":"repeat","background-position":"center center","background-size":"auto","background-attachment":"scroll","background-type":"","background-media":"","overlay-type":"","overlay-color":"","overlay-opacity":"","overlay-gradient":""}},"ast-content-background-meta":{"desktop":{"background-color":"var(--ast-global-color-5)","background-image":"","background-repeat":"repeat","background-position":"center center","background-size":"auto","background-attachment":"scroll","background-type":"","background-media":"","overlay-type":"","overlay-color":"","overlay-opacity":"","overlay-gradient":""},"tablet":{"background-color":"var(--ast-global-color-5)","background-image":"","background-repeat":"repeat","background-position":"center center","background-size":"auto","background-attachment":"scroll","background-type":"","background-media":"","overlay-type":"","overlay-color":"","overlay-opacity":"","overlay-gradient":""},"mobile":{"background-color":"var(--ast-global-color-5)","background-image":"","background-repeat":"repeat","background-position":"center center","background-size":"auto","background-attachment":"scroll","background-type":"","background-media":"","overlay-type":"","overlay-color":"","overlay-opacity":"","overlay-gradient":""}},"footnotes":""},"class_list":["post-4608","page","type-page","status-publish","hentry"],"yoast_head":"<!-- This site is optimized with the Yoast SEO plugin v26.6 - https:\/\/yoast.com\/wordpress\/plugins\/seo\/ -->\n<title>Pol\u00edtica de privacidad - Barrio San Mart\u00edn Donostia San Sebasti\u00e1n<\/title>\n<meta name=\"robots\" content=\"index, follow, max-snippet:-1, max-image-preview:large, max-video-preview:-1\" \/>\n<link rel=\"canonical\" href=\"https:\/\/barriosanmartin.com\/politica-de-privacidad\/\" \/>\n<meta property=\"og:locale\" content=\"en_US\" \/>\n<meta property=\"og:type\" content=\"article\" \/>\n<meta property=\"og:title\" content=\"Pol\u00edtica de privacidad - Barrio San Mart\u00edn Donostia San Sebasti\u00e1n\" \/>\n<meta property=\"og:description\" content=\"Datos del propietario de la web: RAZ\u00d3N SOCIAL Asociaci\u00f3n para la Promoci\u00f3n del Comercio y dem\u00e1s Actividades Econ\u00f3micas de Barrio [&hellip;]\" \/>\n<meta property=\"og:url\" content=\"https:\/\/barriosanmartin.com\/politica-de-privacidad\/\" \/>\n<meta property=\"og:site_name\" content=\"Barrio San Mart\u00edn Donostia San Sebasti\u00e1n\" \/>\n<meta property=\"article:publisher\" content=\"https:\/\/www.facebook.com\/barriosanmartinss\/\" \/>\n<meta name=\"twitter:card\" content=\"summary_large_image\" \/>\n<meta name=\"twitter:label1\" content=\"Est. reading time\" \/>\n\t<meta name=\"twitter:data1\" content=\"7 minutua\" \/>\n<script type=\"application\/ld+json\" class=\"yoast-schema-graph\">{\"@context\":\"https:\/\/schema.org\",\"@graph\":[{\"@type\":\"WebPage\",\"@id\":\"https:\/\/barriosanmartin.com\/politica-de-privacidad\/\",\"url\":\"https:\/\/barriosanmartin.com\/politica-de-privacidad\/\",\"name\":\"Pol\u00edtica de privacidad - Barrio San Mart\u00edn Donostia San Sebasti\u00e1n\",\"isPartOf\":{\"@id\":\"https:\/\/barriosanmartin.com\/#website\"},\"datePublished\":\"2024-02-09T13:15:12+00:00\",\"breadcrumb\":{\"@id\":\"https:\/\/barriosanmartin.com\/politica-de-privacidad\/#breadcrumb\"},\"inLanguage\":\"eu\",\"potentialAction\":[{\"@type\":\"ReadAction\",\"target\":[\"https:\/\/barriosanmartin.com\/politica-de-privacidad\/\"]}]},{\"@type\":\"BreadcrumbList\",\"@id\":\"https:\/\/barriosanmartin.com\/politica-de-privacidad\/#breadcrumb\",\"itemListElement\":[{\"@type\":\"ListItem\",\"position\":1,\"name\":\"Portada\",\"item\":\"https:\/\/barriosanmartin.com\/\"},{\"@type\":\"ListItem\",\"position\":2,\"name\":\"Pol\u00edtica de privacidad\"}]},{\"@type\":\"WebSite\",\"@id\":\"https:\/\/barriosanmartin.com\/#website\",\"url\":\"https:\/\/barriosanmartin.com\/\",\"name\":\"Barrio San Mart\u00edn Donostia San Sebasti\u00e1n\",\"description\":\"San Martin auzo elkarteak Easo, San Bartolome eta Zubieta kaleen artean kokatutako 65 komertzio baino gehiago biltzen ditu, izena ematen dion ardatzaren bi aldeetan.\",\"publisher\":{\"@id\":\"https:\/\/barriosanmartin.com\/#organization\"},\"alternateName\":\"Asociaci\u00f3n Barrio San Mart\u00edn\",\"potentialAction\":[{\"@type\":\"SearchAction\",\"target\":{\"@type\":\"EntryPoint\",\"urlTemplate\":\"https:\/\/barriosanmartin.com\/?s={search_term_string}\"},\"query-input\":{\"@type\":\"PropertyValueSpecification\",\"valueRequired\":true,\"valueName\":\"search_term_string\"}}],\"inLanguage\":\"eu\"},{\"@type\":\"Organization\",\"@id\":\"https:\/\/barriosanmartin.com\/#organization\",\"name\":\"Asociaci\u00f3n Barrio San Mart\u00edn\",\"url\":\"https:\/\/barriosanmartin.com\/\",\"logo\":{\"@type\":\"ImageObject\",\"inLanguage\":\"eu\",\"@id\":\"https:\/\/barriosanmartin.com\/#\/schema\/logo\/image\/\",\"url\":\"https:\/\/barriosanmartin.com\/wp-content\/uploads\/2024\/02\/logo-BarrioSanMartin.png\",\"contentUrl\":\"https:\/\/barriosanmartin.com\/wp-content\/uploads\/2024\/02\/logo-BarrioSanMartin.png\",\"width\":672,\"height\":504,\"caption\":\"Asociaci\u00f3n Barrio San Mart\u00edn\"},\"image\":{\"@id\":\"https:\/\/barriosanmartin.com\/#\/schema\/logo\/image\/\"},\"sameAs\":[\"https:\/\/www.facebook.com\/barriosanmartinss\/\",\"https:\/\/www.instagram.com\/barriosanmartinss\/\"]}]}<\/script>\n<!-- \/ Yoast SEO plugin. -->","yoast_head_json":{"title":"Pol\u00edtica de privacidad - Barrio San Mart\u00edn Donostia San Sebasti\u00e1n","robots":{"index":"index","follow":"follow","max-snippet":"max-snippet:-1","max-image-preview":"max-image-preview:large","max-video-preview":"max-video-preview:-1"},"canonical":"https:\/\/barriosanmartin.com\/politica-de-privacidad\/","og_locale":"en_US","og_type":"article","og_title":"Pol\u00edtica de privacidad - Barrio San Mart\u00edn Donostia San Sebasti\u00e1n","og_description":"Datos del propietario de la web: RAZ\u00d3N SOCIAL Asociaci\u00f3n para la Promoci\u00f3n del Comercio y dem\u00e1s Actividades Econ\u00f3micas de Barrio [&hellip;]","og_url":"https:\/\/barriosanmartin.com\/politica-de-privacidad\/","og_site_name":"Barrio San Mart\u00edn Donostia San Sebasti\u00e1n","article_publisher":"https:\/\/www.facebook.com\/barriosanmartinss\/","twitter_card":"summary_large_image","twitter_misc":{"Est. reading time":"7 minutua"},"schema":{"@context":"https:\/\/schema.org","@graph":[{"@type":"WebPage","@id":"https:\/\/barriosanmartin.com\/politica-de-privacidad\/","url":"https:\/\/barriosanmartin.com\/politica-de-privacidad\/","name":"Pol\u00edtica de privacidad - Barrio San Mart\u00edn Donostia San Sebasti\u00e1n","isPartOf":{"@id":"https:\/\/barriosanmartin.com\/#website"},"datePublished":"2024-02-09T13:15:12+00:00","breadcrumb":{"@id":"https:\/\/barriosanmartin.com\/politica-de-privacidad\/#breadcrumb"},"inLanguage":"eu","potentialAction":[{"@type":"ReadAction","target":["https:\/\/barriosanmartin.com\/politica-de-privacidad\/"]}]},{"@type":"BreadcrumbList","@id":"https:\/\/barriosanmartin.com\/politica-de-privacidad\/#breadcrumb","itemListElement":[{"@type":"ListItem","position":1,"name":"Portada","item":"https:\/\/barriosanmartin.com\/"},{"@type":"ListItem","position":2,"name":"Pol\u00edtica de privacidad"}]},{"@type":"WebSite","@id":"https:\/\/barriosanmartin.com\/#website","url":"https:\/\/barriosanmartin.com\/","name":"Barrio San Mart\u00edn Donostia San Sebasti\u00e1n","description":"San Martin auzo elkarteak Easo, San Bartolome eta Zubieta kaleen artean kokatutako 65 komertzio baino gehiago biltzen ditu, izena ematen dion ardatzaren bi aldeetan.","publisher":{"@id":"https:\/\/barriosanmartin.com\/#organization"},"alternateName":"Asociaci\u00f3n Barrio San Mart\u00edn","potentialAction":[{"@type":"SearchAction","target":{"@type":"EntryPoint","urlTemplate":"https:\/\/barriosanmartin.com\/?s={search_term_string}"},"query-input":{"@type":"PropertyValueSpecification","valueRequired":true,"valueName":"search_term_string"}}],"inLanguage":"eu"},{"@type":"Organization","@id":"https:\/\/barriosanmartin.com\/#organization","name":"Asociaci\u00f3n Barrio San Mart\u00edn","url":"https:\/\/barriosanmartin.com\/","logo":{"@type":"ImageObject","inLanguage":"eu","@id":"https:\/\/barriosanmartin.com\/#\/schema\/logo\/image\/","url":"https:\/\/barriosanmartin.com\/wp-content\/uploads\/2024\/02\/logo-BarrioSanMartin.png","contentUrl":"https:\/\/barriosanmartin.com\/wp-content\/uploads\/2024\/02\/logo-BarrioSanMartin.png","width":672,"height":504,"caption":"Asociaci\u00f3n Barrio San Mart\u00edn"},"image":{"@id":"https:\/\/barriosanmartin.com\/#\/schema\/logo\/image\/"},"sameAs":["https:\/\/www.facebook.com\/barriosanmartinss\/","https:\/\/www.instagram.com\/barriosanmartinss\/"]}]}},"uagb_featured_image_src":{"full":false,"thumbnail":false,"medium":false,"medium_large":false,"large":false,"1536x1536":false,"2048x2048":false,"gform-image-choice-sm":false,"gform-image-choice-md":false,"gform-image-choice-lg":false},"uagb_author_info":{"display_name":"admin","author_link":"https:\/\/barriosanmartin.com\/eu\/author\/admin\/"},"uagb_comment_info":0,"uagb_excerpt":"Datos del propietario de la web: RAZ\u00d3N SOCIAL Asociaci\u00f3n para la Promoci\u00f3n del Comercio y dem\u00e1s Actividades Econ\u00f3micas de Barrio [&hellip;]","_links":{"self":[{"href":"https:\/\/barriosanmartin.com\/eu\/wp-json\/wp\/v2\/pages\/4608","targetHints":{"allow":["GET"]}}],"collection":[{"href":"https:\/\/barriosanmartin.com\/eu\/wp-json\/wp\/v2\/pages"}],"about":[{"href":"https:\/\/barriosanmartin.com\/eu\/wp-json\/wp\/v2\/types\/page"}],"author":[{"embeddable":true,"href":"https:\/\/barriosanmartin.com\/eu\/wp-json\/wp\/v2\/users\/1"}],"replies":[{"embeddable":true,"href":"https:\/\/barriosanmartin.com\/eu\/wp-json\/wp\/v2\/comments?post=4608"}],"version-history":[{"count":0,"href":"https:\/\/barriosanmartin.com\/eu\/wp-json\/wp\/v2\/pages\/4608\/revisions"}],"wp:attachment":[{"href":"https:\/\/barriosanmartin.com\/eu\/wp-json\/wp\/v2\/media?parent=4608"}],"curies":[{"name":"wp","href":"https:\/\/api.w.org\/{rel}","templated":true}]}}